{"id":17276,"date":"2026-03-11T20:19:38","date_gmt":"2026-03-11T20:19:38","guid":{"rendered":"https:\/\/legendcar.be\/autos\/porsche-macan-gts\/"},"modified":"2026-03-12T08:00:33","modified_gmt":"2026-03-12T08:00:33","slug":"porsche-macan-gts","status":"publish","type":"autos","link":"https:\/\/legendcar.be\/fr\/autos\/porsche-macan-gts\/","title":{"rendered":"Porsche Macan GTS"},"content":{"rendered":"<p>Magnifique Porsche Macan GTS \u00e0 vendre, provenant du <strong>premier propri\u00e9taire belge<\/strong>.<\/p>\n<p>V\u00e9hicule livr\u00e9 initialement en Belgique. Peinture d\u2019origine, enti\u00e8rement <strong>non accident\u00e9e !<\/strong><\/p>\n<p>Historique d\u2019entretien <strong>Porsche complet<\/strong> :<\/p>\n<ul>\n<li>12\/2024 &#8211; 22 238 km &#8211; Porsche Centre Louvain-La-Neuve<\/li>\n<li>08\/2025 &#8211; 34 171 km &#8211; Porsche Centre Louvain-La-Neuve<\/li>\n<\/ul>\n<p>Les pneus ont \u00e9t\u00e9 remplac\u00e9s sur lensemble du v\u00e9hicule il y a moins de 1 000 km.<\/p>\n<ul>\n<li><strong>Couleur ext\u00e9rieure<\/strong> : Bleu Gentiane M\u00e9tallis\u00e9<\/li>\n<li><strong>Couleur int\u00e9rieure<\/strong> : int\u00e9rieur en cuir noir avec surpiq\u00fbres contrastantes Bleu Gentiane<\/li>\n<\/ul>\n<p>V\u00e9hicule richement \u00e9quip\u00e9 avec les <strong>options<\/strong> suivantes :<\/p>\n<ul>\n<li data-path-to-node=\"1,0,0\"><b data-path-to-node=\"1,0,0\" data-index-in-node=\"0\">1BK<\/b> : suspension pneumatique adaptative avec r\u00e9glage de l\u2019assiette et de la hauteur, incl. Porsche Active Suspension Management (PASM)<\/li>\n<li data-path-to-node=\"1,0,0\"><b data-path-to-node=\"1,1,0\" data-index-in-node=\"0\">1G4<\/b> : roue de secours pliable de 19 pouces<\/li>\n<li data-path-to-node=\"1,0,0\"><b data-path-to-node=\"1,2,0\" data-index-in-node=\"0\">1N3<\/b> : Direction assist\u00e9e Plus<\/li>\n<li data-path-to-node=\"1,0,0\"><b data-path-to-node=\"1,3,0\" data-index-in-node=\"0\">1PE<\/b> : \u00c9crous de roue antivol<\/li>\n<li data-path-to-node=\"1,0,0\"><b data-path-to-node=\"1,5,0\" data-index-in-node=\"0\">2PF<\/b> : volant sport GT multifonction chauffant en cuir avec inserts en carbone<\/li>\n<li data-path-to-node=\"1,0,0\"><b data-path-to-node=\"1,6,0\" data-index-in-node=\"0\">3FU<\/b> : syst\u00e8me de toit panoramique<\/li>\n<li data-path-to-node=\"1,0,0\"><b data-path-to-node=\"1,7,0\" data-index-in-node=\"0\">3L4<\/b>: Pack M\u00e9moire pour le conducteur<\/li>\n<li data-path-to-node=\"1,0,0\"><b data-path-to-node=\"1,8,0\" data-index-in-node=\"0\">4F2<\/b> : Porsche Entry  Drive<\/li>\n<li data-path-to-node=\"1,0,0\"><b data-path-to-node=\"1,9,0\" data-index-in-node=\"0\">4GR<\/b> : Pare-brise chauffant<\/li>\n<li data-path-to-node=\"1,0,0\"><b data-path-to-node=\"1,10,0\" data-index-in-node=\"0\">4L6<\/b> : R\u00e9troviseurs int\u00e9rieur et ext\u00e9rieurs \u00e0 fonction anti-\u00e9blouissement<\/li>\n<li data-path-to-node=\"1,0,0\"><b data-path-to-node=\"1,11,0\" data-index-in-node=\"0\">4X4<\/b> : Airbags lat\u00e9raux arri\u00e8re<\/li>\n<li data-path-to-node=\"1,0,0\"><b data-path-to-node=\"1,12,0\" data-index-in-node=\"0\">55X<\/b> : jantes GT Design de 21 pouces en platine finition satin\u00e9e<\/li>\n<li data-path-to-node=\"1,0,0\"><b data-path-to-node=\"1,13,0\" data-index-in-node=\"0\">6H1<\/b> : sideblades peints dans la couleur ext\u00e9rieure avec logo \u00ab GTS \u00bb en noir brillant<\/li>\n<li data-path-to-node=\"1,0,0\"><b data-path-to-node=\"1,14,0\" data-index-in-node=\"0\">8LH<\/b> : Pack Sport Chrono avec s\u00e9lecteur de mode <\/li>\n<li data-path-to-node=\"1,0,0\"><b data-path-to-node=\"1,15,0\" data-index-in-node=\"0\">8T3<\/b> : r\u00e9gulateur de vitesse adaptatif<\/li>\n<li data-path-to-node=\"1,0,0\"><b data-path-to-node=\"1,16,0\" data-index-in-node=\"0\">9WT<\/b> : Apple CarPlay avec reconnaissance vocale Siri<\/li>\n<li data-path-to-node=\"1,0,0\"><b data-path-to-node=\"1,17,0\" data-index-in-node=\"0\">9ZC<\/b> : compartiment pour smartphone avec recharge sans fil<\/li>\n<li data-path-to-node=\"1,0,0\"><b data-path-to-node=\"1,18,0\" data-index-in-node=\"0\">KA2<\/b> : ParkAssist avec cam\u00e9ra de recul<\/li>\n<li data-path-to-node=\"1,0,0\"><b data-path-to-node=\"1,19,0\" data-index-in-node=\"0\">QR9<\/b> : indicateur de limitation de vitesse<\/li>\n<li data-path-to-node=\"1,0,0\"><b data-path-to-node=\"1,20,0\" data-index-in-node=\"0\">UD1<\/b> : \u00c9clairage de porte \u00e0 LED avec logo &lsquo;PORSCHE&rsquo;<\/li>\n<\/ul>\n<p>Les options ci-dessus sajoutent \u00e0 l\u00e9quipement de s\u00e9rie d\u00e9j\u00e0 complet du Macan GTS :<\/p>\n<ul>\n<li>Syst\u00e8me d\u00e9chappement sport avec sorties d\u00e9chappement en noir<\/li>\n<li>Si\u00e8ges sport r\u00e9glables en 8 directions<\/li>\n<li>Pack int\u00e9rieur en aluminium noir bross\u00e9<\/li>\n<li>Pack Sport Design<\/li>\n<li>Phares \u00e0 LED incluant le Porsche Dynamic Light System (PDLS)<\/li>\n<li>Feux arri\u00e8re teint\u00e9s<\/li>\n<li>R\u00e9troviseurs ext\u00e9rieurs Sport Design<\/li>\n<li>Logo Porsche et d\u00e9signation du mod\u00e8le en noir<\/li>\n<li>Porsche Communication Management (PCM) avec \u00e9cran tactile de 10,9 pouces, navigation en ligne et Apple CarPlay<\/li>\n<li>Sound Package Plus avec 10 haut-parleurs et une puissance de 150 watts<\/li>\n<li>Avertissement de franchissement de ligne<\/li>\n<li>\u00c9triers de frein rouges<\/li>\n<li>&#8230;<\/li>\n<\/ul>\n<p>Lien Car-Pass : <a href=\"https:\/\/public.car-pass.be\/vhr\/18384a6a-d1ae-4721-93c5-01ae350c4f6f\" target=\"_blank\" rel=\"noopener\">https:\/\/public.car-pass.be<\/a><\/p>\n<p>Voiture priv\u00e9e, TVA non d\u00e9ductible.<\/p>\n<p>Vous \u00eates toujours le bienvenu dans mon Car Studio pour admirer cette voiture par vous-m\u00eame.<\/p>\n<p>Contactez-moi au 0471\/49.67.53 ou via julien@legendcar.be pour un rendez-vous.<\/p>\n","protected":false},"featured_media":17470,"template":"","categories":[],"class_list":["post-17276","autos","type-autos","status-publish","has-post-thumbnail","hentry"],"acf":[],"yoast_head":"<!-- This site is optimized with the Yoast SEO plugin v27.0 - https:\/\/yoast.com\/product\/yoast-seo-wordpress\/ -->\n<title>Porsche Macan GTS | Legend Car<\/title>\n<meta name=\"robots\" content=\"index, follow, max-snippet:-1, max-image-preview:large, max-video-preview:-1\" \/>\n<link rel=\"canonical\" href=\"https:\/\/legendcar.be\/fr\/autos\/porsche-macan-gts\/\" \/>\n<meta property=\"og:locale\" content=\"fr_FR\" \/>\n<meta property=\"og:type\" content=\"article\" \/>\n<meta property=\"og:title\" content=\"Porsche Macan GTS | Legend Car\" \/>\n<meta property=\"og:description\" content=\"Magnifique Porsche Macan GTS \u00e0 vendre, provenant du premier propri\u00e9taire belge. V\u00e9hicule livr\u00e9 initialement en Belgique. Peinture d\u2019origine, enti\u00e8rement non accident\u00e9e ! Historique d\u2019entretien Porsche complet : 12\/2024 &#8211; 22 238 km &#8211; Porsche Centre Louvain-La-Neuve 08\/2025 &#8211; 34 171 km &#8211; Porsche Centre Louvain-La-Neuve Les pneus ont \u00e9t\u00e9 remplac\u00e9s sur lensemble du v\u00e9hicule il [&hellip;]\" \/>\n<meta property=\"og:url\" content=\"https:\/\/legendcar.be\/fr\/autos\/porsche-macan-gts\/\" \/>\n<meta property=\"og:site_name\" content=\"Legend Car\" \/>\n<meta property=\"article:modified_time\" content=\"2026-03-12T08:00:33+00:00\" \/>\n<meta property=\"og:image\" content=\"https:\/\/legendcar.be\/wp-content\/uploads\/2026\/03\/Coming-soon-scaled.jpg\" \/>\n\t<meta property=\"og:image:width\" content=\"2560\" \/>\n\t<meta property=\"og:image:height\" content=\"1707\" \/>\n\t<meta property=\"og:image:type\" content=\"image\/jpeg\" \/>\n<meta name=\"twitter:card\" content=\"summary_large_image\" \/>\n<meta name=\"twitter:label1\" content=\"Dur\u00e9e de lecture estim\u00e9e\" \/>\n\t<meta name=\"twitter:data1\" content=\"2 minutes\" \/>\n<script type=\"application\/ld+json\" class=\"yoast-schema-graph\">{\"@context\":\"https:\/\/schema.org\",\"@graph\":[{\"@type\":\"WebPage\",\"@id\":\"https:\/\/legendcar.be\/fr\/autos\/porsche-macan-gts\/\",\"url\":\"https:\/\/legendcar.be\/fr\/autos\/porsche-macan-gts\/\",\"name\":\"Porsche Macan GTS | Legend Car\",\"isPartOf\":{\"@id\":\"https:\/\/legendcar.be\/fr\/#website\"},\"primaryImageOfPage\":{\"@id\":\"https:\/\/legendcar.be\/fr\/autos\/porsche-macan-gts\/#primaryimage\"},\"image\":{\"@id\":\"https:\/\/legendcar.be\/fr\/autos\/porsche-macan-gts\/#primaryimage\"},\"thumbnailUrl\":\"https:\/\/legendcar.be\/wp-content\/uploads\/2026\/03\/Porsche-Macan-GTS-5742-scaled.jpg\",\"datePublished\":\"2026-03-11T20:19:38+00:00\",\"dateModified\":\"2026-03-12T08:00:33+00:00\",\"breadcrumb\":{\"@id\":\"https:\/\/legendcar.be\/fr\/autos\/porsche-macan-gts\/#breadcrumb\"},\"inLanguage\":\"fr-FR\",\"potentialAction\":[{\"@type\":\"ReadAction\",\"target\":[\"https:\/\/legendcar.be\/fr\/autos\/porsche-macan-gts\/\"]}]},{\"@type\":\"ImageObject\",\"inLanguage\":\"fr-FR\",\"@id\":\"https:\/\/legendcar.be\/fr\/autos\/porsche-macan-gts\/#primaryimage\",\"url\":\"https:\/\/legendcar.be\/wp-content\/uploads\/2026\/03\/Porsche-Macan-GTS-5742-scaled.jpg\",\"contentUrl\":\"https:\/\/legendcar.be\/wp-content\/uploads\/2026\/03\/Porsche-Macan-GTS-5742-scaled.jpg\",\"width\":2560,\"height\":1920},{\"@type\":\"BreadcrumbList\",\"@id\":\"https:\/\/legendcar.be\/fr\/autos\/porsche-macan-gts\/#breadcrumb\",\"itemListElement\":[{\"@type\":\"ListItem\",\"position\":1,\"name\":\"Home\",\"item\":\"https:\/\/legendcar.be\/fr\/accueil\/\"},{\"@type\":\"ListItem\",\"position\":2,\"name\":\"Porsche Macan GTS\"}]},{\"@type\":\"WebSite\",\"@id\":\"https:\/\/legendcar.be\/fr\/#website\",\"url\":\"https:\/\/legendcar.be\/fr\/\",\"name\":\"Legend Car\",\"description\":\"\",\"publisher\":{\"@id\":\"https:\/\/legendcar.be\/fr\/#organization\"},\"potentialAction\":[{\"@type\":\"SearchAction\",\"target\":{\"@type\":\"EntryPoint\",\"urlTemplate\":\"https:\/\/legendcar.be\/fr\/?s={search_term_string}\"},\"query-input\":{\"@type\":\"PropertyValueSpecification\",\"valueRequired\":true,\"valueName\":\"search_term_string\"}}],\"inLanguage\":\"fr-FR\"},{\"@type\":\"Organization\",\"@id\":\"https:\/\/legendcar.be\/fr\/#organization\",\"name\":\"Legend Car\",\"url\":\"https:\/\/legendcar.be\/fr\/\",\"logo\":{\"@type\":\"ImageObject\",\"inLanguage\":\"fr-FR\",\"@id\":\"https:\/\/legendcar.be\/fr\/#\/schema\/logo\/image\/\",\"url\":\"\",\"contentUrl\":\"\",\"caption\":\"Legend Car\"},\"image\":{\"@id\":\"https:\/\/legendcar.be\/fr\/#\/schema\/logo\/image\/\"}}]}<\/script>\n<!-- \/ Yoast SEO plugin. -->","yoast_head_json":{"title":"Porsche Macan GTS | Legend Car","robots":{"index":"index","follow":"follow","max-snippet":"max-snippet:-1","max-image-preview":"max-image-preview:large","max-video-preview":"max-video-preview:-1"},"canonical":"https:\/\/legendcar.be\/fr\/autos\/porsche-macan-gts\/","og_locale":"fr_FR","og_type":"article","og_title":"Porsche Macan GTS | Legend Car","og_description":"Magnifique Porsche Macan GTS \u00e0 vendre, provenant du premier propri\u00e9taire belge. V\u00e9hicule livr\u00e9 initialement en Belgique. Peinture d\u2019origine, enti\u00e8rement non accident\u00e9e ! Historique d\u2019entretien Porsche complet : 12\/2024 &#8211; 22 238 km &#8211; Porsche Centre Louvain-La-Neuve 08\/2025 &#8211; 34 171 km &#8211; Porsche Centre Louvain-La-Neuve Les pneus ont \u00e9t\u00e9 remplac\u00e9s sur lensemble du v\u00e9hicule il [&hellip;]","og_url":"https:\/\/legendcar.be\/fr\/autos\/porsche-macan-gts\/","og_site_name":"Legend Car","article_modified_time":"2026-03-12T08:00:33+00:00","og_image":[{"width":2560,"height":1707,"url":"https:\/\/legendcar.be\/wp-content\/uploads\/2026\/03\/Coming-soon-scaled.jpg","type":"image\/jpeg"}],"twitter_card":"summary_large_image","twitter_misc":{"Dur\u00e9e de lecture estim\u00e9e":"2 minutes"},"schema":{"@context":"https:\/\/schema.org","@graph":[{"@type":"WebPage","@id":"https:\/\/legendcar.be\/fr\/autos\/porsche-macan-gts\/","url":"https:\/\/legendcar.be\/fr\/autos\/porsche-macan-gts\/","name":"Porsche Macan GTS | Legend Car","isPartOf":{"@id":"https:\/\/legendcar.be\/fr\/#website"},"primaryImageOfPage":{"@id":"https:\/\/legendcar.be\/fr\/autos\/porsche-macan-gts\/#primaryimage"},"image":{"@id":"https:\/\/legendcar.be\/fr\/autos\/porsche-macan-gts\/#primaryimage"},"thumbnailUrl":"https:\/\/legendcar.be\/wp-content\/uploads\/2026\/03\/Porsche-Macan-GTS-5742-scaled.jpg","datePublished":"2026-03-11T20:19:38+00:00","dateModified":"2026-03-12T08:00:33+00:00","breadcrumb":{"@id":"https:\/\/legendcar.be\/fr\/autos\/porsche-macan-gts\/#breadcrumb"},"inLanguage":"fr-FR","potentialAction":[{"@type":"ReadAction","target":["https:\/\/legendcar.be\/fr\/autos\/porsche-macan-gts\/"]}]},{"@type":"ImageObject","inLanguage":"fr-FR","@id":"https:\/\/legendcar.be\/fr\/autos\/porsche-macan-gts\/#primaryimage","url":"https:\/\/legendcar.be\/wp-content\/uploads\/2026\/03\/Porsche-Macan-GTS-5742-scaled.jpg","contentUrl":"https:\/\/legendcar.be\/wp-content\/uploads\/2026\/03\/Porsche-Macan-GTS-5742-scaled.jpg","width":2560,"height":1920},{"@type":"BreadcrumbList","@id":"https:\/\/legendcar.be\/fr\/autos\/porsche-macan-gts\/#breadcrumb","itemListElement":[{"@type":"ListItem","position":1,"name":"Home","item":"https:\/\/legendcar.be\/fr\/accueil\/"},{"@type":"ListItem","position":2,"name":"Porsche Macan GTS"}]},{"@type":"WebSite","@id":"https:\/\/legendcar.be\/fr\/#website","url":"https:\/\/legendcar.be\/fr\/","name":"Legend Car","description":"","publisher":{"@id":"https:\/\/legendcar.be\/fr\/#organization"},"potentialAction":[{"@type":"SearchAction","target":{"@type":"EntryPoint","urlTemplate":"https:\/\/legendcar.be\/fr\/?s={search_term_string}"},"query-input":{"@type":"PropertyValueSpecification","valueRequired":true,"valueName":"search_term_string"}}],"inLanguage":"fr-FR"},{"@type":"Organization","@id":"https:\/\/legendcar.be\/fr\/#organization","name":"Legend Car","url":"https:\/\/legendcar.be\/fr\/","logo":{"@type":"ImageObject","inLanguage":"fr-FR","@id":"https:\/\/legendcar.be\/fr\/#\/schema\/logo\/image\/","url":"","contentUrl":"","caption":"Legend Car"},"image":{"@id":"https:\/\/legendcar.be\/fr\/#\/schema\/logo\/image\/"}}]}},"_links":{"self":[{"href":"https:\/\/legendcar.be\/fr\/wp-json\/wp\/v2\/autos\/17276","targetHints":{"allow":["GET"]}}],"collection":[{"href":"https:\/\/legendcar.be\/fr\/wp-json\/wp\/v2\/autos"}],"about":[{"href":"https:\/\/legendcar.be\/fr\/wp-json\/wp\/v2\/types\/autos"}],"version-history":[{"count":3,"href":"https:\/\/legendcar.be\/fr\/wp-json\/wp\/v2\/autos\/17276\/revisions"}],"predecessor-version":[{"id":17285,"href":"https:\/\/legendcar.be\/fr\/wp-json\/wp\/v2\/autos\/17276\/revisions\/17285"}],"wp:featuredmedia":[{"embeddable":true,"href":"https:\/\/legendcar.be\/fr\/wp-json\/wp\/v2\/media\/17470"}],"wp:attachment":[{"href":"https:\/\/legendcar.be\/fr\/wp-json\/wp\/v2\/media?parent=17276"}],"wp:term":[{"taxonomy":"category","embeddable":true,"href":"https:\/\/legendcar.be\/fr\/wp-json\/wp\/v2\/categories?post=17276"}],"curies":[{"name":"wp","href":"https:\/\/api.w.org\/{rel}","templated":true}]}}