{"id":15947,"date":"2024-08-10T16:56:19","date_gmt":"2024-08-10T16:56:19","guid":{"rendered":"https:\/\/legendcar.be\/?post_type=autos&#038;p=15947"},"modified":"2026-01-12T21:56:30","modified_gmt":"2026-01-12T21:56:30","slug":"porsche-macan-iii-3","status":"publish","type":"autos","link":"https:\/\/legendcar.be\/fr\/autos\/porsche-macan-iii-3\/","title":{"rendered":"Porsche Macan 2.0 PDK"},"content":{"rendered":"<p>Porsche Macan 2.0 essence \u00e0 vendre provenant du <b>premier propri\u00e9taire belge.<\/b><\/p>\n<p>V\u00e9hicule d&rsquo;origine belge, enti\u00e8rement <b>sans accident<\/b>.<\/p>\n<p>Ce Macan est en tr\u00e8s bon \u00e9tat g\u00e9n\u00e9ral et est vendu avec une garantie d&rsquo;un an.<\/p>\n<p><b>Historique d\u2019entretien<\/b> complet connu&nbsp;:<\/p>\n<ul>\n<li>04\/2023 &#8211; 7\u202f511 km<\/li>\n<li>06\/2024 &#8211; 17\u202f269 km<\/li>\n<li>09\/2025 &#8211; 29\u202f196 km<\/li>\n<\/ul>\n<p><b>Couleur ext\u00e9rieure<\/b> : Gris Volcan M\u00e9tallis\u00e9<br \/>\n<b>Couleur int\u00e9rieure<\/b>&nbsp;: Pack int\u00e9rieur cuir noir<\/p>\n<p>Belle voiture bien \u00e9quip\u00e9e avec les <b>options<\/b> suivantes&nbsp;:<\/p>\n<ul>\n<li data-path-to-node=\"0\"><b data-path-to-node=\"2,2,0\" data-index-in-node=\"0\">3FU<\/b>&nbsp;: Toit ouvrant panoramique<\/li>\n<li data-path-to-node=\"0\"><b data-path-to-node=\"2,3,0\" data-index-in-node=\"0\">0NA<\/b>&nbsp;: Suppression du monogramme<\/li>\n<li data-path-to-node=\"0\"><b data-path-to-node=\"2,4,0\" data-index-in-node=\"0\">1D3<\/b> : Dispositif d&rsquo;attelage escamotable \u00e9lectriquement<\/li>\n<li data-path-to-node=\"0\"><b data-path-to-node=\"2,5,0\" data-index-in-node=\"0\">PEL<\/b>&nbsp;: Pack ext\u00e9rieur couleur carrosserie<\/li>\n<li data-path-to-node=\"0\"><b data-path-to-node=\"2,6,0\" data-index-in-node=\"0\">G1D<\/b>&nbsp;: Porsche Doppelkupplung (PDK)<\/li>\n<li data-path-to-node=\"0\"><b data-path-to-node=\"2,7,0\" data-index-in-node=\"0\">1BK<\/b>&nbsp;: Suspension pneumatique avec contr\u00f4le de niveau et de hauteur, incl. PASM<\/li>\n<li data-path-to-node=\"0\"><b data-path-to-node=\"2,8,0\" data-index-in-node=\"0\">0P6<\/b>&nbsp;: Sorties d\u2019\u00e9chappement sport en noir<\/li>\n<li data-path-to-node=\"0\"><b data-path-to-node=\"2,9,0\" data-index-in-node=\"0\">0M2<\/b>&nbsp;: R\u00e9servoir de carburant 75L<\/li>\n<li data-path-to-node=\"0\"><b data-path-to-node=\"2,10,0\" data-index-in-node=\"0\">1N3<\/b> : Direction assist\u00e9e Plus<\/li>\n<li data-path-to-node=\"0\"><b data-path-to-node=\"2,11,0\" data-index-in-node=\"0\">55U<\/b>&nbsp;: Jantes 21 pouces RS Spyder Design<\/li>\n<li data-path-to-node=\"0\"><b data-path-to-node=\"2,12,0\" data-index-in-node=\"0\">1NP<\/b>&nbsp;: Enjoliveurs de roue avec \u00e9cusson Porsche color\u00e9<\/li>\n<li data-path-to-node=\"0\"><b data-path-to-node=\"2,13,0\" data-index-in-node=\"0\">VW1<\/b>&nbsp;: Vitrage \u00ab&nbsp;Privacy&nbsp;\u00bb<\/li>\n<li data-path-to-node=\"0\"><b data-path-to-node=\"2,14,0\" data-index-in-node=\"0\">KA2<\/b>&nbsp;: Cam\u00e9ra de recul<\/li>\n<li data-path-to-node=\"0\"><b data-path-to-node=\"2,15,0\" data-index-in-node=\"0\">7Y1<\/b>&nbsp;: Assistance au changement de voie<\/li>\n<li data-path-to-node=\"0\"><b data-path-to-node=\"2,16,0\" data-index-in-node=\"0\">6I3<\/b>&nbsp;: Assistance au maintien de voie<\/li>\n<li data-path-to-node=\"0\"><b data-path-to-node=\"2,17,0\" data-index-in-node=\"0\">Q1J<\/b>&nbsp;: Si\u00e8ges sport adaptatifs (18 positions) avec pack m\u00e9moire Confort<\/li>\n<li data-path-to-node=\"0\"><b data-path-to-node=\"2,18,0\" data-index-in-node=\"0\">4A3<\/b> : Si\u00e8ges chauffants \u00e0 l&rsquo;avant<\/li>\n<li data-path-to-node=\"0\"><b data-path-to-node=\"2,19,0\" data-index-in-node=\"0\">2ZH<\/b>&nbsp;: Volant chauffant<\/li>\n<li data-path-to-node=\"0\"><b data-path-to-node=\"2,20,0\" data-index-in-node=\"0\">9ZC<\/b>&nbsp;: Compartiment pour smartphone avec chargement sans fil<\/li>\n<li data-path-to-node=\"0\"><b data-path-to-node=\"2,21,0\" data-index-in-node=\"0\">9WT<\/b>&nbsp;: Apple CarPlay avec reconnaissance vocale Siri<\/li>\n<\/ul>\n<p>Voiture priv\u00e9e, TVA non d\u00e9ductible.<\/p>\n<p>Vous \u00eates toujours les bienvenus dans notre Car Studio pour admirer ce v\u00e9hicule par vous-m\u00eame.<\/p>\n<p>Contactez-nous au 0471\/49.67.53 ou \u00e0 julien@legendcar.be pour un rendez-vous.<\/p>\n","protected":false},"featured_media":16077,"template":"","categories":[],"class_list":["post-15947","autos","type-autos","status-publish","has-post-thumbnail","hentry"],"acf":[],"yoast_head":"<!-- This site is optimized with the Yoast SEO plugin v27.0 - https:\/\/yoast.com\/product\/yoast-seo-wordpress\/ -->\n<title>Porsche Macan 2.0 PDK | Legend Car<\/title>\n<meta name=\"robots\" content=\"index, follow, max-snippet:-1, max-image-preview:large, max-video-preview:-1\" \/>\n<link rel=\"canonical\" href=\"https:\/\/legendcar.be\/fr\/autos\/porsche-macan-iii-3\/\" \/>\n<meta property=\"og:locale\" content=\"fr_FR\" \/>\n<meta property=\"og:type\" content=\"article\" \/>\n<meta property=\"og:title\" content=\"Porsche Macan 2.0 PDK | Legend Car\" \/>\n<meta property=\"og:description\" content=\"Porsche Macan 2.0 essence \u00e0 vendre provenant du premier propri\u00e9taire belge. V\u00e9hicule d&rsquo;origine belge, enti\u00e8rement sans accident. Ce Macan est en tr\u00e8s bon \u00e9tat g\u00e9n\u00e9ral et est vendu avec une garantie d&rsquo;un an. Historique d\u2019entretien complet connu&nbsp;: 04\/2023 &#8211; 7\u202f511 km 06\/2024 &#8211; 17\u202f269 km 09\/2025 &#8211; 29\u202f196 km Couleur ext\u00e9rieure : Gris Volcan M\u00e9tallis\u00e9 [&hellip;]\" \/>\n<meta property=\"og:url\" content=\"https:\/\/legendcar.be\/fr\/autos\/porsche-macan-iii-3\/\" \/>\n<meta property=\"og:site_name\" content=\"Legend Car\" \/>\n<meta property=\"article:modified_time\" content=\"2026-01-12T21:56:30+00:00\" \/>\n<meta property=\"og:image\" content=\"https:\/\/legendcar.be\/wp-content\/uploads\/2025\/12\/Coming-soon-scaled.jpg\" \/>\n\t<meta property=\"og:image:width\" content=\"2560\" \/>\n\t<meta property=\"og:image:height\" content=\"1707\" \/>\n\t<meta property=\"og:image:type\" content=\"image\/jpeg\" \/>\n<meta name=\"twitter:card\" content=\"summary_large_image\" \/>\n<meta name=\"twitter:label1\" content=\"Dur\u00e9e de lecture estim\u00e9e\" \/>\n\t<meta name=\"twitter:data1\" content=\"1 minute\" \/>\n<script type=\"application\/ld+json\" class=\"yoast-schema-graph\">{\"@context\":\"https:\/\/schema.org\",\"@graph\":[{\"@type\":\"WebPage\",\"@id\":\"https:\/\/legendcar.be\/fr\/autos\/porsche-macan-iii-3\/\",\"url\":\"https:\/\/legendcar.be\/fr\/autos\/porsche-macan-iii-3\/\",\"name\":\"Porsche Macan 2.0 PDK | Legend Car\",\"isPartOf\":{\"@id\":\"https:\/\/legendcar.be\/fr\/#website\"},\"primaryImageOfPage\":{\"@id\":\"https:\/\/legendcar.be\/fr\/autos\/porsche-macan-iii-3\/#primaryimage\"},\"image\":{\"@id\":\"https:\/\/legendcar.be\/fr\/autos\/porsche-macan-iii-3\/#primaryimage\"},\"thumbnailUrl\":\"https:\/\/legendcar.be\/wp-content\/uploads\/2024\/08\/FullSizeRender-1-1.jpeg\",\"datePublished\":\"2024-08-10T16:56:19+00:00\",\"dateModified\":\"2026-01-12T21:56:30+00:00\",\"breadcrumb\":{\"@id\":\"https:\/\/legendcar.be\/fr\/autos\/porsche-macan-iii-3\/#breadcrumb\"},\"inLanguage\":\"fr-FR\",\"potentialAction\":[{\"@type\":\"ReadAction\",\"target\":[\"https:\/\/legendcar.be\/fr\/autos\/porsche-macan-iii-3\/\"]}]},{\"@type\":\"ImageObject\",\"inLanguage\":\"fr-FR\",\"@id\":\"https:\/\/legendcar.be\/fr\/autos\/porsche-macan-iii-3\/#primaryimage\",\"url\":\"https:\/\/legendcar.be\/wp-content\/uploads\/2024\/08\/FullSizeRender-1-1.jpeg\",\"contentUrl\":\"https:\/\/legendcar.be\/wp-content\/uploads\/2024\/08\/FullSizeRender-1-1.jpeg\",\"width\":2048,\"height\":1536},{\"@type\":\"BreadcrumbList\",\"@id\":\"https:\/\/legendcar.be\/fr\/autos\/porsche-macan-iii-3\/#breadcrumb\",\"itemListElement\":[{\"@type\":\"ListItem\",\"position\":1,\"name\":\"Home\",\"item\":\"https:\/\/legendcar.be\/fr\/accueil\/\"},{\"@type\":\"ListItem\",\"position\":2,\"name\":\"Porsche Macan 2.0 PDK\"}]},{\"@type\":\"WebSite\",\"@id\":\"https:\/\/legendcar.be\/fr\/#website\",\"url\":\"https:\/\/legendcar.be\/fr\/\",\"name\":\"Legend Car\",\"description\":\"\",\"publisher\":{\"@id\":\"https:\/\/legendcar.be\/fr\/#organization\"},\"potentialAction\":[{\"@type\":\"SearchAction\",\"target\":{\"@type\":\"EntryPoint\",\"urlTemplate\":\"https:\/\/legendcar.be\/fr\/?s={search_term_string}\"},\"query-input\":{\"@type\":\"PropertyValueSpecification\",\"valueRequired\":true,\"valueName\":\"search_term_string\"}}],\"inLanguage\":\"fr-FR\"},{\"@type\":\"Organization\",\"@id\":\"https:\/\/legendcar.be\/fr\/#organization\",\"name\":\"Legend Car\",\"url\":\"https:\/\/legendcar.be\/fr\/\",\"logo\":{\"@type\":\"ImageObject\",\"inLanguage\":\"fr-FR\",\"@id\":\"https:\/\/legendcar.be\/fr\/#\/schema\/logo\/image\/\",\"url\":\"\",\"contentUrl\":\"\",\"caption\":\"Legend Car\"},\"image\":{\"@id\":\"https:\/\/legendcar.be\/fr\/#\/schema\/logo\/image\/\"}}]}<\/script>\n<!-- \/ Yoast SEO plugin. -->","yoast_head_json":{"title":"Porsche Macan 2.0 PDK | Legend Car","robots":{"index":"index","follow":"follow","max-snippet":"max-snippet:-1","max-image-preview":"max-image-preview:large","max-video-preview":"max-video-preview:-1"},"canonical":"https:\/\/legendcar.be\/fr\/autos\/porsche-macan-iii-3\/","og_locale":"fr_FR","og_type":"article","og_title":"Porsche Macan 2.0 PDK | Legend Car","og_description":"Porsche Macan 2.0 essence \u00e0 vendre provenant du premier propri\u00e9taire belge. V\u00e9hicule d&rsquo;origine belge, enti\u00e8rement sans accident. Ce Macan est en tr\u00e8s bon \u00e9tat g\u00e9n\u00e9ral et est vendu avec une garantie d&rsquo;un an. Historique d\u2019entretien complet connu&nbsp;: 04\/2023 &#8211; 7\u202f511 km 06\/2024 &#8211; 17\u202f269 km 09\/2025 &#8211; 29\u202f196 km Couleur ext\u00e9rieure : Gris Volcan M\u00e9tallis\u00e9 [&hellip;]","og_url":"https:\/\/legendcar.be\/fr\/autos\/porsche-macan-iii-3\/","og_site_name":"Legend Car","article_modified_time":"2026-01-12T21:56:30+00:00","og_image":[{"width":2560,"height":1707,"url":"https:\/\/legendcar.be\/wp-content\/uploads\/2025\/12\/Coming-soon-scaled.jpg","type":"image\/jpeg"}],"twitter_card":"summary_large_image","twitter_misc":{"Dur\u00e9e de lecture estim\u00e9e":"1 minute"},"schema":{"@context":"https:\/\/schema.org","@graph":[{"@type":"WebPage","@id":"https:\/\/legendcar.be\/fr\/autos\/porsche-macan-iii-3\/","url":"https:\/\/legendcar.be\/fr\/autos\/porsche-macan-iii-3\/","name":"Porsche Macan 2.0 PDK | Legend Car","isPartOf":{"@id":"https:\/\/legendcar.be\/fr\/#website"},"primaryImageOfPage":{"@id":"https:\/\/legendcar.be\/fr\/autos\/porsche-macan-iii-3\/#primaryimage"},"image":{"@id":"https:\/\/legendcar.be\/fr\/autos\/porsche-macan-iii-3\/#primaryimage"},"thumbnailUrl":"https:\/\/legendcar.be\/wp-content\/uploads\/2024\/08\/FullSizeRender-1-1.jpeg","datePublished":"2024-08-10T16:56:19+00:00","dateModified":"2026-01-12T21:56:30+00:00","breadcrumb":{"@id":"https:\/\/legendcar.be\/fr\/autos\/porsche-macan-iii-3\/#breadcrumb"},"inLanguage":"fr-FR","potentialAction":[{"@type":"ReadAction","target":["https:\/\/legendcar.be\/fr\/autos\/porsche-macan-iii-3\/"]}]},{"@type":"ImageObject","inLanguage":"fr-FR","@id":"https:\/\/legendcar.be\/fr\/autos\/porsche-macan-iii-3\/#primaryimage","url":"https:\/\/legendcar.be\/wp-content\/uploads\/2024\/08\/FullSizeRender-1-1.jpeg","contentUrl":"https:\/\/legendcar.be\/wp-content\/uploads\/2024\/08\/FullSizeRender-1-1.jpeg","width":2048,"height":1536},{"@type":"BreadcrumbList","@id":"https:\/\/legendcar.be\/fr\/autos\/porsche-macan-iii-3\/#breadcrumb","itemListElement":[{"@type":"ListItem","position":1,"name":"Home","item":"https:\/\/legendcar.be\/fr\/accueil\/"},{"@type":"ListItem","position":2,"name":"Porsche Macan 2.0 PDK"}]},{"@type":"WebSite","@id":"https:\/\/legendcar.be\/fr\/#website","url":"https:\/\/legendcar.be\/fr\/","name":"Legend Car","description":"","publisher":{"@id":"https:\/\/legendcar.be\/fr\/#organization"},"potentialAction":[{"@type":"SearchAction","target":{"@type":"EntryPoint","urlTemplate":"https:\/\/legendcar.be\/fr\/?s={search_term_string}"},"query-input":{"@type":"PropertyValueSpecification","valueRequired":true,"valueName":"search_term_string"}}],"inLanguage":"fr-FR"},{"@type":"Organization","@id":"https:\/\/legendcar.be\/fr\/#organization","name":"Legend Car","url":"https:\/\/legendcar.be\/fr\/","logo":{"@type":"ImageObject","inLanguage":"fr-FR","@id":"https:\/\/legendcar.be\/fr\/#\/schema\/logo\/image\/","url":"","contentUrl":"","caption":"Legend Car"},"image":{"@id":"https:\/\/legendcar.be\/fr\/#\/schema\/logo\/image\/"}}]}},"_links":{"self":[{"href":"https:\/\/legendcar.be\/fr\/wp-json\/wp\/v2\/autos\/15947","targetHints":{"allow":["GET"]}}],"collection":[{"href":"https:\/\/legendcar.be\/fr\/wp-json\/wp\/v2\/autos"}],"about":[{"href":"https:\/\/legendcar.be\/fr\/wp-json\/wp\/v2\/types\/autos"}],"version-history":[{"count":3,"href":"https:\/\/legendcar.be\/fr\/wp-json\/wp\/v2\/autos\/15947\/revisions"}],"predecessor-version":[{"id":15991,"href":"https:\/\/legendcar.be\/fr\/wp-json\/wp\/v2\/autos\/15947\/revisions\/15991"}],"wp:featuredmedia":[{"embeddable":true,"href":"https:\/\/legendcar.be\/fr\/wp-json\/wp\/v2\/media\/16077"}],"wp:attachment":[{"href":"https:\/\/legendcar.be\/fr\/wp-json\/wp\/v2\/media?parent=15947"}],"wp:term":[{"taxonomy":"category","embeddable":true,"href":"https:\/\/legendcar.be\/fr\/wp-json\/wp\/v2\/categories?post=15947"}],"curies":[{"name":"wp","href":"https:\/\/api.w.org\/{rel}","templated":true}]}}