{"id":11731,"date":"2024-01-07T11:42:15","date_gmt":"2024-01-07T11:42:15","guid":{"rendered":"https:\/\/legendcar.be\/autos\/porsche-taycan-berline-8\/"},"modified":"2024-01-07T11:42:15","modified_gmt":"2024-01-07T11:42:15","slug":"porsche-taycan-berline-8","status":"publish","type":"autos","link":"https:\/\/legendcar.be\/fr\/autos\/porsche-taycan-berline-8\/","title":{"rendered":"Porsche Taycan Berline"},"content":{"rendered":"<p>Porsche Taycan \u00e0 vendre provenant du premier propri\u00e9taire.<\/p>\n<p>V\u00e9hicule d&rsquo;origine allemande avec historique d&rsquo;entretien Porsche complet.<\/p>\n<p>Peinture d\u2019origine, totalement sans accident. La voiture est en parfait \u00e9tat ! Garantie d&rsquo;usine Porsche jusqu&rsquo;en 10\/2025 avec possibilit\u00e9 de prolongation. <\/p>\n<p>L&rsquo;avant complet est prot\u00e9g\u00e9 par un film de protection transparent contre les impacts (PPF).<\/p>\n<p>Prix neuf de 123 260,68 \u20ac !<\/p>\n<p>Couleur ext\u00e9rieure : Noir<br \/>\nCouleur int\u00e9rieure : Int\u00e9rieur cuir noir<\/p>\n<p>Voiture richement \u00e9quip\u00e9e avec les options suivantes :<\/p>\n<ul>\n<li><strong>0N5<\/strong> &#8211; Direction de l&rsquo;essieu arri\u00e8re avec assistance de direction Plus<\/li>\n<li><strong>1BK<\/strong> &#8211; Suspension pneumatique adaptative avec Porsche Active Suspension Management (PASM)<\/li>\n<li><strong>1PE<\/strong> &#8211; Boulons de roue antivol<\/li>\n<li><strong>3FG<\/strong> &#8211; Toit panoramique<\/li>\n<li><strong>3L4<\/strong> &#8211; Pack m\u00e9moire pour conducteur<\/li>\n<li><strong>47I<\/strong> &#8211; Jante Taycan Turbo Aero 20 pouces<\/li>\n<li><strong>4A3<\/strong> &#8211; Chauffage des si\u00e8ges (avant)<\/li>\n<li><strong>4L6<\/strong> &#8211; R\u00e9troviseurs int\u00e9rieur et ext\u00e9rieurs \u00e0 assombrissement automatique<\/li>\n<li><strong>5KA<\/strong> &#8211; 4+1 si\u00e8ges (40:20:40)<\/li>\n<li><strong>6XV<\/strong> &#8211; R\u00e9troviseurs ext\u00e9rieurs rabattables \u00e9lectriquement<\/li>\n<li><strong>73J<\/strong> &#8211; C\u00e2ble d&rsquo;alimentation pour prise industrielle rouge (400 V, 16 A, 5 p\u00f4les)<\/li>\n<li><strong>76H<\/strong> &#8211; C\u00e2ble de charge Porsche (Mode 3)<\/li>\n<li><strong>79J<\/strong> &#8211; Aide au changement de voie<\/li>\n<li><strong>9M3<\/strong> &#8211; Pompe \u00e0 chaleur<\/li>\n<li><strong>9VL<\/strong> &#8211; Syst\u00e8me audio surround BOSE\u00ae<\/li>\n<li><strong>GM3<\/strong> &#8211; Porsche Electric Sport Sound<\/li>\n<li><strong>J9K<\/strong> &#8211; Batterie Performance Plus<\/li>\n<li><strong>KA6<\/strong> &#8211; ParkAssistent avec vue panoramique<\/li>\n<li><strong>KB4<\/strong> &#8211; Chargeur AC embarqu\u00e9 22 kW<\/li>\n<li><strong>QW5<\/strong> &#8211; Porsche Intelligent Range Manager<\/li>\n<li><strong>VW1<\/strong> &#8211; Vitrage teint\u00e9<\/li>\n<\/ul>\n<p>Vous \u00eates toujours les bienvenus dans notre Car Studio pour admirer cette voiture par vous-m\u00eame.<\/p>\n<p>Contactez-nous au 0471\/49.67.53 ou par e-mail \u00e0 julien@legendcar.be pour un rendez-vous.<\/p>\n","protected":false},"featured_media":8914,"template":"","categories":[],"class_list":["post-11731","autos","type-autos","status-publish","has-post-thumbnail","hentry"],"acf":[],"yoast_head":"<!-- This site is optimized with the Yoast SEO plugin v27.0 - https:\/\/yoast.com\/product\/yoast-seo-wordpress\/ -->\n<title>Porsche Taycan Berline | Legend Car<\/title>\n<meta name=\"robots\" content=\"index, follow, max-snippet:-1, max-image-preview:large, max-video-preview:-1\" \/>\n<link rel=\"canonical\" href=\"https:\/\/legendcar.be\/fr\/autos\/porsche-taycan-berline-8\/\" \/>\n<meta property=\"og:locale\" content=\"fr_FR\" \/>\n<meta property=\"og:type\" content=\"article\" \/>\n<meta property=\"og:title\" content=\"Porsche Taycan Berline | Legend Car\" \/>\n<meta property=\"og:description\" content=\"Porsche Taycan \u00e0 vendre provenant du premier propri\u00e9taire. V\u00e9hicule d&rsquo;origine allemande avec historique d&rsquo;entretien Porsche complet. Peinture d\u2019origine, totalement sans accident. La voiture est en parfait \u00e9tat ! Garantie d&rsquo;usine Porsche jusqu&rsquo;en 10\/2025 avec possibilit\u00e9 de prolongation. L&rsquo;avant complet est prot\u00e9g\u00e9 par un film de protection transparent contre les impacts (PPF). Prix neuf de 123 [&hellip;]\" \/>\n<meta property=\"og:url\" content=\"https:\/\/legendcar.be\/fr\/autos\/porsche-taycan-berline-8\/\" \/>\n<meta property=\"og:site_name\" content=\"Legend Car\" \/>\n<meta property=\"og:image\" content=\"https:\/\/legendcar.be\/wp-content\/uploads\/2024\/11\/1-3-scaled.jpg\" \/>\n\t<meta property=\"og:image:width\" content=\"2560\" \/>\n\t<meta property=\"og:image:height\" content=\"1920\" \/>\n\t<meta property=\"og:image:type\" content=\"image\/jpeg\" \/>\n<meta name=\"twitter:card\" content=\"summary_large_image\" \/>\n<meta name=\"twitter:label1\" content=\"Dur\u00e9e de lecture estim\u00e9e\" \/>\n\t<meta name=\"twitter:data1\" content=\"1 minute\" \/>\n<script type=\"application\/ld+json\" class=\"yoast-schema-graph\">{\"@context\":\"https:\/\/schema.org\",\"@graph\":[{\"@type\":\"WebPage\",\"@id\":\"https:\/\/legendcar.be\/fr\/autos\/porsche-taycan-berline-8\/\",\"url\":\"https:\/\/legendcar.be\/fr\/autos\/porsche-taycan-berline-8\/\",\"name\":\"Porsche Taycan Berline | Legend Car\",\"isPartOf\":{\"@id\":\"https:\/\/legendcar.be\/fr\/#website\"},\"primaryImageOfPage\":{\"@id\":\"https:\/\/legendcar.be\/fr\/autos\/porsche-taycan-berline-8\/#primaryimage\"},\"image\":{\"@id\":\"https:\/\/legendcar.be\/fr\/autos\/porsche-taycan-berline-8\/#primaryimage\"},\"thumbnailUrl\":\"https:\/\/legendcar.be\/wp-content\/uploads\/2024\/11\/1-3-scaled.jpg\",\"datePublished\":\"2024-01-07T11:42:15+00:00\",\"breadcrumb\":{\"@id\":\"https:\/\/legendcar.be\/fr\/autos\/porsche-taycan-berline-8\/#breadcrumb\"},\"inLanguage\":\"fr-FR\",\"potentialAction\":[{\"@type\":\"ReadAction\",\"target\":[\"https:\/\/legendcar.be\/fr\/autos\/porsche-taycan-berline-8\/\"]}]},{\"@type\":\"ImageObject\",\"inLanguage\":\"fr-FR\",\"@id\":\"https:\/\/legendcar.be\/fr\/autos\/porsche-taycan-berline-8\/#primaryimage\",\"url\":\"https:\/\/legendcar.be\/wp-content\/uploads\/2024\/11\/1-3-scaled.jpg\",\"contentUrl\":\"https:\/\/legendcar.be\/wp-content\/uploads\/2024\/11\/1-3-scaled.jpg\",\"width\":2560,\"height\":1920},{\"@type\":\"BreadcrumbList\",\"@id\":\"https:\/\/legendcar.be\/fr\/autos\/porsche-taycan-berline-8\/#breadcrumb\",\"itemListElement\":[{\"@type\":\"ListItem\",\"position\":1,\"name\":\"Home\",\"item\":\"https:\/\/legendcar.be\/fr\/accueil\/\"},{\"@type\":\"ListItem\",\"position\":2,\"name\":\"Porsche Taycan Berline\"}]},{\"@type\":\"WebSite\",\"@id\":\"https:\/\/legendcar.be\/fr\/#website\",\"url\":\"https:\/\/legendcar.be\/fr\/\",\"name\":\"Legend Car\",\"description\":\"\",\"publisher\":{\"@id\":\"https:\/\/legendcar.be\/fr\/#organization\"},\"potentialAction\":[{\"@type\":\"SearchAction\",\"target\":{\"@type\":\"EntryPoint\",\"urlTemplate\":\"https:\/\/legendcar.be\/fr\/?s={search_term_string}\"},\"query-input\":{\"@type\":\"PropertyValueSpecification\",\"valueRequired\":true,\"valueName\":\"search_term_string\"}}],\"inLanguage\":\"fr-FR\"},{\"@type\":\"Organization\",\"@id\":\"https:\/\/legendcar.be\/fr\/#organization\",\"name\":\"Legend Car\",\"url\":\"https:\/\/legendcar.be\/fr\/\",\"logo\":{\"@type\":\"ImageObject\",\"inLanguage\":\"fr-FR\",\"@id\":\"https:\/\/legendcar.be\/fr\/#\/schema\/logo\/image\/\",\"url\":\"\",\"contentUrl\":\"\",\"caption\":\"Legend Car\"},\"image\":{\"@id\":\"https:\/\/legendcar.be\/fr\/#\/schema\/logo\/image\/\"}}]}<\/script>\n<!-- \/ Yoast SEO plugin. -->","yoast_head_json":{"title":"Porsche Taycan Berline | Legend Car","robots":{"index":"index","follow":"follow","max-snippet":"max-snippet:-1","max-image-preview":"max-image-preview:large","max-video-preview":"max-video-preview:-1"},"canonical":"https:\/\/legendcar.be\/fr\/autos\/porsche-taycan-berline-8\/","og_locale":"fr_FR","og_type":"article","og_title":"Porsche Taycan Berline | Legend Car","og_description":"Porsche Taycan \u00e0 vendre provenant du premier propri\u00e9taire. V\u00e9hicule d&rsquo;origine allemande avec historique d&rsquo;entretien Porsche complet. Peinture d\u2019origine, totalement sans accident. La voiture est en parfait \u00e9tat ! Garantie d&rsquo;usine Porsche jusqu&rsquo;en 10\/2025 avec possibilit\u00e9 de prolongation. L&rsquo;avant complet est prot\u00e9g\u00e9 par un film de protection transparent contre les impacts (PPF). Prix neuf de 123 [&hellip;]","og_url":"https:\/\/legendcar.be\/fr\/autos\/porsche-taycan-berline-8\/","og_site_name":"Legend Car","og_image":[{"width":2560,"height":1920,"url":"https:\/\/legendcar.be\/wp-content\/uploads\/2024\/11\/1-3-scaled.jpg","type":"image\/jpeg"}],"twitter_card":"summary_large_image","twitter_misc":{"Dur\u00e9e de lecture estim\u00e9e":"1 minute"},"schema":{"@context":"https:\/\/schema.org","@graph":[{"@type":"WebPage","@id":"https:\/\/legendcar.be\/fr\/autos\/porsche-taycan-berline-8\/","url":"https:\/\/legendcar.be\/fr\/autos\/porsche-taycan-berline-8\/","name":"Porsche Taycan Berline | Legend Car","isPartOf":{"@id":"https:\/\/legendcar.be\/fr\/#website"},"primaryImageOfPage":{"@id":"https:\/\/legendcar.be\/fr\/autos\/porsche-taycan-berline-8\/#primaryimage"},"image":{"@id":"https:\/\/legendcar.be\/fr\/autos\/porsche-taycan-berline-8\/#primaryimage"},"thumbnailUrl":"https:\/\/legendcar.be\/wp-content\/uploads\/2024\/11\/1-3-scaled.jpg","datePublished":"2024-01-07T11:42:15+00:00","breadcrumb":{"@id":"https:\/\/legendcar.be\/fr\/autos\/porsche-taycan-berline-8\/#breadcrumb"},"inLanguage":"fr-FR","potentialAction":[{"@type":"ReadAction","target":["https:\/\/legendcar.be\/fr\/autos\/porsche-taycan-berline-8\/"]}]},{"@type":"ImageObject","inLanguage":"fr-FR","@id":"https:\/\/legendcar.be\/fr\/autos\/porsche-taycan-berline-8\/#primaryimage","url":"https:\/\/legendcar.be\/wp-content\/uploads\/2024\/11\/1-3-scaled.jpg","contentUrl":"https:\/\/legendcar.be\/wp-content\/uploads\/2024\/11\/1-3-scaled.jpg","width":2560,"height":1920},{"@type":"BreadcrumbList","@id":"https:\/\/legendcar.be\/fr\/autos\/porsche-taycan-berline-8\/#breadcrumb","itemListElement":[{"@type":"ListItem","position":1,"name":"Home","item":"https:\/\/legendcar.be\/fr\/accueil\/"},{"@type":"ListItem","position":2,"name":"Porsche Taycan Berline"}]},{"@type":"WebSite","@id":"https:\/\/legendcar.be\/fr\/#website","url":"https:\/\/legendcar.be\/fr\/","name":"Legend Car","description":"","publisher":{"@id":"https:\/\/legendcar.be\/fr\/#organization"},"potentialAction":[{"@type":"SearchAction","target":{"@type":"EntryPoint","urlTemplate":"https:\/\/legendcar.be\/fr\/?s={search_term_string}"},"query-input":{"@type":"PropertyValueSpecification","valueRequired":true,"valueName":"search_term_string"}}],"inLanguage":"fr-FR"},{"@type":"Organization","@id":"https:\/\/legendcar.be\/fr\/#organization","name":"Legend Car","url":"https:\/\/legendcar.be\/fr\/","logo":{"@type":"ImageObject","inLanguage":"fr-FR","@id":"https:\/\/legendcar.be\/fr\/#\/schema\/logo\/image\/","url":"","contentUrl":"","caption":"Legend Car"},"image":{"@id":"https:\/\/legendcar.be\/fr\/#\/schema\/logo\/image\/"}}]}},"_links":{"self":[{"href":"https:\/\/legendcar.be\/fr\/wp-json\/wp\/v2\/autos\/11731","targetHints":{"allow":["GET"]}}],"collection":[{"href":"https:\/\/legendcar.be\/fr\/wp-json\/wp\/v2\/autos"}],"about":[{"href":"https:\/\/legendcar.be\/fr\/wp-json\/wp\/v2\/types\/autos"}],"version-history":[{"count":0,"href":"https:\/\/legendcar.be\/fr\/wp-json\/wp\/v2\/autos\/11731\/revisions"}],"wp:featuredmedia":[{"embeddable":true,"href":"https:\/\/legendcar.be\/fr\/wp-json\/wp\/v2\/media\/8914"}],"wp:attachment":[{"href":"https:\/\/legendcar.be\/fr\/wp-json\/wp\/v2\/media?parent=11731"}],"wp:term":[{"taxonomy":"category","embeddable":true,"href":"https:\/\/legendcar.be\/fr\/wp-json\/wp\/v2\/categories?post=11731"}],"curies":[{"name":"wp","href":"https:\/\/api.w.org\/{rel}","templated":true}]}}